{"id":161,"date":"2020-10-20T06:34:23","date_gmt":"2020-10-20T09:34:23","guid":{"rendered":"http:\/\/www.longevos.com.br\/mp\/?page_id=161"},"modified":"2020-10-22T22:56:58","modified_gmt":"2020-10-23T01:56:58","slug":"decifrando-a-dinamarca-em-menos-de-1-mes","status":"publish","type":"page","link":"https:\/\/martapessoa.blog.br\/index.php\/decifrando-a-dinamarca-em-menos-de-1-mes\/","title":{"rendered":"Decifrando a Dinamarca, em menos de 1 m\u00eas"},"content":{"rendered":"\n<p>Uma vez decidida a aventura desta viagem-pesquisa e definido que a Dinamarca seria o destino inicial, o acaso me levou a H\u00f8rsholm, uma cidade com cerca de 25 mil habitantes, 25km ao norte do centro de Copenhague e perto da costa do \u00d8resund, o estreito que separa o pa\u00eds da Su\u00e9cia. Depois de d\u00e9cadas vivendo em cidades brasileiras com popula\u00e7\u00e3o superior a milh\u00f5es, H\u00f8rsholm foi uma caixa de surpresas e uma oportunidade de entender como se desenvolve a vida numa pequena cidade. Foi um acaso feliz. Ter ficado em Copenhague, como pensado no in\u00edcio, teria me privado da vis\u00e3o que s\u00f3 pude ter a partir do contraste com H\u00f8rsholm. Copenhague n\u00e3o \u00e9 a Dinamarca de verdade, assim como o Rio n\u00e3o \u00e9 todo o Brasil. O contraste permitiu ver o que uma horda de turistas podia ter escondido.<\/p>\n\n\n\n<p>Os primeiros dias por l\u00e1 foram de muita observa\u00e7\u00e3o e surpresas. Chegando no meio da primavera, minha aten\u00e7\u00e3o era atra\u00edda pela natureza esbanjando cores nas \u00e1rvores e luzes no c\u00e9u durante dias com pouqu\u00edssimas horas do escuro da noite. A infraestrutura urbana com acessos bem cuidados para pedestres e ciclistas era digna de nota, sonho de consumo dos que transitam nas ca\u00f3ticas ruas das grandes cidades brasileiras ou nas despreparadas pequenas e m\u00e9dias cidades pa\u00eds afora. O sil\u00eancio das ruas de poucos carros e a aus\u00eancia de buzinas e sirenes funcionava como um poderoso anti-ansiol\u00edtico. A segunda coisa mais surpreendente era a seguran\u00e7a. A cl\u00e1ssica pergunta feita por turistas sobre onde n\u00e3o se deve ir e quais horas s\u00e3o perigosas para se caminhar sozinho parecia n\u00e3o ser entendida pelos locais. A resposta era uma cara de \u201cComo assim?!!!\u201d que me fazia sentir um pouco envergonhada de levantar a suspeita de que o pa\u00eds deles pode oferece perigo al\u00e9m do aceit\u00e1vel para quem o visita. Poder andar em ruas desertas depois das 10 horas da noite sem precisar ganhar um torcicolo de tanto olhar para tr\u00e1s, deixar de lado o tique da permanente fiscaliza\u00e7\u00e3o da bolsa pendurada no ombro, ter permiss\u00e3o de usar o celular para consultar aplicativos e falar quando quiser, \u00e9 uma sensa\u00e7\u00e3o que nos marca profundamente. V\u00e1rias vezes ao dia nos lembramos de como \u00e9 bom viver num lugar seguro e o desejo de que deveria ser assim, por aqui tamb\u00e9m, fica reverberando em nossas cabe\u00e7as dias ap\u00f3s nosso regresso \u00e0 casa.<\/p>\n\n\n\n<p>E, por fim, a mais surpreendente das surpresas: a facilidade de comunica\u00e7\u00e3o com as pessoas nas ruas, lojas, supermercados, pra\u00e7as, restaurantes. Surpreendente poder se dirigir elas e n\u00e3o receber de volta um olhar de censura \u00e0 invas\u00e3o de privacidade ou um semblante imediatamente armado, tentando descobrir se o desconhecido oferece algum perigo. Eu me senti no Nordeste das d\u00e9cadas de 70, 80 onde conversar com turistas ou mesmo pessoas a que n\u00e3o conhec\u00edamos fazia parte do conjunto de boas maneiras que consolidaram nossa cultura de hospitalidade. Uma breve lembran\u00e7a de tempos quando a inseguran\u00e7a n\u00e3o fazia parte da equa\u00e7\u00e3o.<\/p>\n\n\n\n<p>Algumas imagens de H\u00f8rsholm, com suas ruas calmas, laguinhos, museus e idosos. Muitos idosos.<\/p>\n\n\n\n<figure class=\"wp-block-gallery columns-2 is-cropped\"><ul class=\"blocks-gallery-grid\"><li class=\"blocks-gallery-item\"><figure><a href=\"http:\/\/www.martapessoa.blog.br\/wp-content\/uploads\/2020\/10\/image2.jpg\"><img loading=\"lazy\" width=\"400\" height=\"400\" src=\"http:\/\/www.martapessoa.blog.br\/wp-content\/uploads\/2020\/10\/image2.jpg\" alt=\"\" data-id=\"217\" data-full-url=\"http:\/\/www.martapessoa.blog.br\/wp-content\/uploads\/2020\/10\/image2.jpg\" data-link=\"http:\/\/www.martapessoa.blog.br\/image2\/\" class=\"wp-image-217\" srcset=\"https:\/\/martapessoa.blog.br\/wp-content\/uploads\/2020\/10\/image2.jpg 400w, https:\/\/martapessoa.blog.br\/wp-content\/uploads\/2020\/10\/image2-300x300.jpg 300w, https:\/\/martapessoa.blog.br\/wp-content\/uploads\/2020\/10\/image2-150x150.jpg 150w, https:\/\/martapessoa.blog.br\/wp-content\/uploads\/2020\/10\/image2-230x230.jpg 230w, https:\/\/martapessoa.blog.br\/wp-content\/uploads\/2020\/10\/image2-350x350.jpg 350w\" sizes=\"(max-width: 400px) 100vw, 400px\" \/><\/a><\/figure><\/li><li class=\"blocks-gallery-item\"><figure><a href=\"http:\/\/www.martapessoa.blog.br\/wp-content\/uploads\/2020\/10\/image3.jpg\"><img loading=\"lazy\" width=\"400\" height=\"400\" src=\"http:\/\/www.martapessoa.blog.br\/wp-content\/uploads\/2020\/10\/image3.jpg\" alt=\"\" data-id=\"210\" data-full-url=\"http:\/\/www.martapessoa.blog.br\/wp-content\/uploads\/2020\/10\/image3.jpg\" data-link=\"http:\/\/www.martapessoa.blog.br\/image3\/\" class=\"wp-image-210\" srcset=\"https:\/\/martapessoa.blog.br\/wp-content\/uploads\/2020\/10\/image3.jpg 400w, https:\/\/martapessoa.blog.br\/wp-content\/uploads\/2020\/10\/image3-300x300.jpg 300w, https:\/\/martapessoa.blog.br\/wp-content\/uploads\/2020\/10\/image3-150x150.jpg 150w, https:\/\/martapessoa.blog.br\/wp-content\/uploads\/2020\/10\/image3-230x230.jpg 230w, https:\/\/martapessoa.blog.br\/wp-content\/uploads\/2020\/10\/image3-350x350.jpg 350w\" sizes=\"(max-width: 400px) 100vw, 400px\" \/><\/a><\/figure><\/li><li class=\"blocks-gallery-item\"><figure><a href=\"http:\/\/www.martapessoa.blog.br\/wp-content\/uploads\/2020\/10\/image4.jpg\"><img loading=\"lazy\" width=\"400\" height=\"398\" src=\"http:\/\/www.martapessoa.blog.br\/wp-content\/uploads\/2020\/10\/image4.jpg\" alt=\"\" data-id=\"207\" data-full-url=\"http:\/\/www.martapessoa.blog.br\/wp-content\/uploads\/2020\/10\/image4.jpg\" data-link=\"http:\/\/www.martapessoa.blog.br\/image4\/\" class=\"wp-image-207\" srcset=\"https:\/\/martapessoa.blog.br\/wp-content\/uploads\/2020\/10\/image4.jpg 400w, https:\/\/martapessoa.blog.br\/wp-content\/uploads\/2020\/10\/image4-300x300.jpg 300w, https:\/\/martapessoa.blog.br\/wp-content\/uploads\/2020\/10\/image4-150x150.jpg 150w, https:\/\/martapessoa.blog.br\/wp-content\/uploads\/2020\/10\/image4-230x229.jpg 230w, https:\/\/martapessoa.blog.br\/wp-content\/uploads\/2020\/10\/image4-350x348.jpg 350w\" sizes=\"(max-width: 400px) 100vw, 400px\" \/><\/a><\/figure><\/li><li class=\"blocks-gallery-item\"><figure><a href=\"http:\/\/www.martapessoa.blog.br\/wp-content\/uploads\/2020\/10\/image5.jpg\"><img loading=\"lazy\" width=\"400\" height=\"400\" src=\"http:\/\/www.martapessoa.blog.br\/wp-content\/uploads\/2020\/10\/image5.jpg\" alt=\"\" data-id=\"212\" data-full-url=\"http:\/\/www.martapessoa.blog.br\/wp-content\/uploads\/2020\/10\/image5.jpg\" data-link=\"http:\/\/www.martapessoa.blog.br\/image5\/\" class=\"wp-image-212\" srcset=\"https:\/\/martapessoa.blog.br\/wp-content\/uploads\/2020\/10\/image5.jpg 400w, https:\/\/martapessoa.blog.br\/wp-content\/uploads\/2020\/10\/image5-300x300.jpg 300w, https:\/\/martapessoa.blog.br\/wp-content\/uploads\/2020\/10\/image5-150x150.jpg 150w, https:\/\/martapessoa.blog.br\/wp-content\/uploads\/2020\/10\/image5-230x230.jpg 230w, https:\/\/martapessoa.blog.br\/wp-content\/uploads\/2020\/10\/image5-350x350.jpg 350w\" sizes=\"(max-width: 400px) 100vw, 400px\" \/><\/a><\/figure><\/li><li class=\"blocks-gallery-item\"><figure><a href=\"http:\/\/www.martapessoa.blog.br\/wp-content\/uploads\/2020\/10\/image6.jpg\"><img loading=\"lazy\" width=\"400\" height=\"400\" src=\"http:\/\/www.martapessoa.blog.br\/wp-content\/uploads\/2020\/10\/image6.jpg\" alt=\"\" data-id=\"206\" data-full-url=\"http:\/\/www.martapessoa.blog.br\/wp-content\/uploads\/2020\/10\/image6.jpg\" data-link=\"http:\/\/www.martapessoa.blog.br\/image6\/\" class=\"wp-image-206\" srcset=\"https:\/\/martapessoa.blog.br\/wp-content\/uploads\/2020\/10\/image6.jpg 400w, https:\/\/martapessoa.blog.br\/wp-content\/uploads\/2020\/10\/image6-300x300.jpg 300w, https:\/\/martapessoa.blog.br\/wp-content\/uploads\/2020\/10\/image6-150x150.jpg 150w, https:\/\/martapessoa.blog.br\/wp-content\/uploads\/2020\/10\/image6-230x230.jpg 230w, https:\/\/martapessoa.blog.br\/wp-content\/uploads\/2020\/10\/image6-350x350.jpg 350w\" sizes=\"(max-width: 400px) 100vw, 400px\" \/><\/a><\/figure><\/li><li class=\"blocks-gallery-item\"><figure><a href=\"http:\/\/www.martapessoa.blog.br\/wp-content\/uploads\/2020\/10\/image7.jpg\"><img loading=\"lazy\" width=\"400\" height=\"400\" src=\"http:\/\/www.martapessoa.blog.br\/wp-content\/uploads\/2020\/10\/image7.jpg\" alt=\"\" data-id=\"209\" data-full-url=\"http:\/\/www.martapessoa.blog.br\/wp-content\/uploads\/2020\/10\/image7.jpg\" data-link=\"http:\/\/www.martapessoa.blog.br\/image7\/\" class=\"wp-image-209\" srcset=\"https:\/\/martapessoa.blog.br\/wp-content\/uploads\/2020\/10\/image7.jpg 400w, https:\/\/martapessoa.blog.br\/wp-content\/uploads\/2020\/10\/image7-300x300.jpg 300w, https:\/\/martapessoa.blog.br\/wp-content\/uploads\/2020\/10\/image7-150x150.jpg 150w, https:\/\/martapessoa.blog.br\/wp-content\/uploads\/2020\/10\/image7-230x230.jpg 230w, https:\/\/martapessoa.blog.br\/wp-content\/uploads\/2020\/10\/image7-350x350.jpg 350w\" sizes=\"(max-width: 400px) 100vw, 400px\" \/><\/a><\/figure><\/li><li class=\"blocks-gallery-item\"><figure><a href=\"http:\/\/www.martapessoa.blog.br\/wp-content\/uploads\/2020\/10\/image8.jpg\"><img loading=\"lazy\" width=\"400\" height=\"400\" src=\"http:\/\/www.martapessoa.blog.br\/wp-content\/uploads\/2020\/10\/image8.jpg\" alt=\"\" data-id=\"211\" data-full-url=\"http:\/\/www.martapessoa.blog.br\/wp-content\/uploads\/2020\/10\/image8.jpg\" data-link=\"http:\/\/www.martapessoa.blog.br\/image8\/\" class=\"wp-image-211\" srcset=\"https:\/\/martapessoa.blog.br\/wp-content\/uploads\/2020\/10\/image8.jpg 400w, https:\/\/martapessoa.blog.br\/wp-content\/uploads\/2020\/10\/image8-300x300.jpg 300w, https:\/\/martapessoa.blog.br\/wp-content\/uploads\/2020\/10\/image8-150x150.jpg 150w, https:\/\/martapessoa.blog.br\/wp-content\/uploads\/2020\/10\/image8-230x230.jpg 230w, https:\/\/martapessoa.blog.br\/wp-content\/uploads\/2020\/10\/image8-350x350.jpg 350w\" sizes=\"(max-width: 400px) 100vw, 400px\" \/><\/a><\/figure><\/li><li class=\"blocks-gallery-item\"><figure><a href=\"http:\/\/www.martapessoa.blog.br\/wp-content\/uploads\/2020\/10\/image9.jpg\"><img loading=\"lazy\" width=\"400\" height=\"400\" src=\"http:\/\/www.martapessoa.blog.br\/wp-content\/uploads\/2020\/10\/image9.jpg\" alt=\"\" data-id=\"208\" data-full-url=\"http:\/\/www.martapessoa.blog.br\/wp-content\/uploads\/2020\/10\/image9.jpg\" data-link=\"http:\/\/www.martapessoa.blog.br\/image9\/\" class=\"wp-image-208\" srcset=\"https:\/\/martapessoa.blog.br\/wp-content\/uploads\/2020\/10\/image9.jpg 400w, https:\/\/martapessoa.blog.br\/wp-content\/uploads\/2020\/10\/image9-300x300.jpg 300w, https:\/\/martapessoa.blog.br\/wp-content\/uploads\/2020\/10\/image9-150x150.jpg 150w, https:\/\/martapessoa.blog.br\/wp-content\/uploads\/2020\/10\/image9-230x230.jpg 230w, https:\/\/martapessoa.blog.br\/wp-content\/uploads\/2020\/10\/image9-350x350.jpg 350w\" sizes=\"(max-width: 400px) 100vw, 400px\" \/><\/a><\/figure><\/li><li class=\"blocks-gallery-item\"><figure><a href=\"http:\/\/www.martapessoa.blog.br\/wp-content\/uploads\/2020\/10\/image10.jpg\"><img loading=\"lazy\" width=\"400\" height=\"400\" src=\"http:\/\/www.martapessoa.blog.br\/wp-content\/uploads\/2020\/10\/image10.jpg\" alt=\"\" data-id=\"229\" data-full-url=\"http:\/\/www.martapessoa.blog.br\/wp-content\/uploads\/2020\/10\/image10.jpg\" data-link=\"http:\/\/www.martapessoa.blog.br\/image10\/\" class=\"wp-image-229\" srcset=\"https:\/\/martapessoa.blog.br\/wp-content\/uploads\/2020\/10\/image10.jpg 400w, https:\/\/martapessoa.blog.br\/wp-content\/uploads\/2020\/10\/image10-300x300.jpg 300w, https:\/\/martapessoa.blog.br\/wp-content\/uploads\/2020\/10\/image10-150x150.jpg 150w, https:\/\/martapessoa.blog.br\/wp-content\/uploads\/2020\/10\/image10-230x230.jpg 230w, https:\/\/martapessoa.blog.br\/wp-content\/uploads\/2020\/10\/image10-350x350.jpg 350w\" sizes=\"(max-width: 400px) 100vw, 400px\" \/><\/a><\/figure><\/li><li class=\"blocks-gallery-item\"><figure><a href=\"http:\/\/www.martapessoa.blog.br\/wp-content\/uploads\/2020\/10\/image11.jpg\"><img loading=\"lazy\" width=\"345\" height=\"400\" src=\"http:\/\/www.martapessoa.blog.br\/wp-content\/uploads\/2020\/10\/image11.jpg\" alt=\"\" data-id=\"226\" data-full-url=\"http:\/\/www.martapessoa.blog.br\/wp-content\/uploads\/2020\/10\/image11.jpg\" data-link=\"http:\/\/www.martapessoa.blog.br\/image11\/\" class=\"wp-image-226\" srcset=\"https:\/\/martapessoa.blog.br\/wp-content\/uploads\/2020\/10\/image11.jpg 345w, https:\/\/martapessoa.blog.br\/wp-content\/uploads\/2020\/10\/image11-259x300.jpg 259w, https:\/\/martapessoa.blog.br\/wp-content\/uploads\/2020\/10\/image11-230x267.jpg 230w\" sizes=\"(max-width: 345px) 100vw, 345px\" \/><\/a><\/figure><\/li><\/ul><\/figure>\n\n\n\n<p><\/p>\n\n\n\n<p>Estas primeiras impress\u00f5es me levaram a conversar mais com as pessoas para formar meu ju\u00edzo pessoal sobre o povo e seu pa\u00eds. E, sem a pretens\u00e3o de produzir an\u00e1lise embasada em qualquer conhecimento formal em economia, pol\u00edtica, etc., comecei a registrar o que achei interessante. Vou elenc\u00e1-los, sem ordem, da forma como as impress\u00f5es foram surgindo, ou tenham sido anotadas nas conversas, com o aviso de que n\u00e3o pretendo generalizar ( sim, sei de gente que foi l\u00e1 e detestou tudo, e tem estat\u00edsticas horrorosas sobre taxa de suic\u00eddio, depress\u00e3o, etc.). Talvez eu tenha visto s\u00f3 um pequeno recorte da sociedade mas foi o que vi. E serve como inspira\u00e7\u00e3o para sonhar um mundo melhor.<\/p>\n\n\n\n<ul><li><em>Os dinamarqueses parecem acreditar que a felicidade \u00e9 um processo. E, como tal, tem a ver com praticar e melhorar o desempenho. \u00c9 uma esp\u00e9cie de treinamento mental e f\u00edsico a ser dominado atrav\u00e9s de compet\u00eancias adquiridas, tendo os valores morais como balizamento. A felicidade \u00e9 um processo subconsciente na Dinamarca, entranhado em toda \u00e1rea da sua cultura.<\/em><\/li><li><em>A felicidade pode ser alcan\u00e7ada, na maior parte do tempo, porque as expectativas s\u00e3o realistas. Tendo metas simples de alcan\u00e7ar, as pessoas podem relaxar e sentir-se livres da obriga\u00e7\u00e3o de ter muito sucesso material ou profissional. E, surpreendentemente, ainda conseguem achar prazerosas as atividades que por aqui j\u00e1 foram para o lixo do esquecimento. Eu me surpreendia vendo os piqueniques movidos a p\u00e3o preto, pepinos, bananas com cara de travosas, grupos pequenos e papos com decib\u00e9is controlados. Conhe\u00e7o pouca gente aqui, no Brasil, que ia achar isto divertido. Sacar alguma felicidade da\u00ed, nem pensar. N\u00e3o ca\u00ed na armadilha de achar que podem ser felizes porque n\u00e3o tem expectativas, fugi sempre do estere\u00f3tipo da frieza n\u00f3rdica que tanto gostamos de comparar com o nosso calor latino. H\u00e1 expectativas, elas apenas s\u00e3o definidas dentro de outros crit\u00e9rios e \u00e9 socialmente aceito querer uma vida simples, dinheiro que baste e tempo que sobre para as coisas, bobas ou n\u00e3o, que lhes d\u00e3o prazer.<\/em><\/li><\/ul>\n\n\n\n<figure class=\"wp-block-gallery columns-3 is-cropped\"><ul class=\"blocks-gallery-grid\"><li class=\"blocks-gallery-item\"><figure><a href=\"http:\/\/www.martapessoa.blog.br\/wp-content\/uploads\/2020\/10\/image12.jpg\"><img loading=\"lazy\" width=\"400\" height=\"400\" src=\"http:\/\/www.martapessoa.blog.br\/wp-content\/uploads\/2020\/10\/image12.jpg\" alt=\"\" data-id=\"222\" data-full-url=\"http:\/\/www.martapessoa.blog.br\/wp-content\/uploads\/2020\/10\/image12.jpg\" data-link=\"http:\/\/www.martapessoa.blog.br\/image12\/\" class=\"wp-image-222\" srcset=\"https:\/\/martapessoa.blog.br\/wp-content\/uploads\/2020\/10\/image12.jpg 400w, https:\/\/martapessoa.blog.br\/wp-content\/uploads\/2020\/10\/image12-300x300.jpg 300w, https:\/\/martapessoa.blog.br\/wp-content\/uploads\/2020\/10\/image12-150x150.jpg 150w, https:\/\/martapessoa.blog.br\/wp-content\/uploads\/2020\/10\/image12-230x230.jpg 230w, https:\/\/martapessoa.blog.br\/wp-content\/uploads\/2020\/10\/image12-350x350.jpg 350w\" sizes=\"(max-width: 400px) 100vw, 400px\" \/><\/a><\/figure><\/li><li class=\"blocks-gallery-item\"><figure><a href=\"http:\/\/www.martapessoa.blog.br\/wp-content\/uploads\/2020\/10\/image13.jpg\"><img loading=\"lazy\" width=\"400\" height=\"276\" src=\"http:\/\/www.martapessoa.blog.br\/wp-content\/uploads\/2020\/10\/image13.jpg\" alt=\"\" data-id=\"228\" data-full-url=\"http:\/\/www.martapessoa.blog.br\/wp-content\/uploads\/2020\/10\/image13.jpg\" data-link=\"http:\/\/www.martapessoa.blog.br\/image13\/\" class=\"wp-image-228\" srcset=\"https:\/\/martapessoa.blog.br\/wp-content\/uploads\/2020\/10\/image13.jpg 400w, https:\/\/martapessoa.blog.br\/wp-content\/uploads\/2020\/10\/image13-300x207.jpg 300w, https:\/\/martapessoa.blog.br\/wp-content\/uploads\/2020\/10\/image13-230x159.jpg 230w, https:\/\/martapessoa.blog.br\/wp-content\/uploads\/2020\/10\/image13-350x242.jpg 350w\" sizes=\"(max-width: 400px) 100vw, 400px\" \/><\/a><\/figure><\/li><li class=\"blocks-gallery-item\"><figure><a href=\"http:\/\/www.martapessoa.blog.br\/wp-content\/uploads\/2020\/10\/image14.jpg\"><img loading=\"lazy\" width=\"400\" height=\"400\" src=\"http:\/\/www.martapessoa.blog.br\/wp-content\/uploads\/2020\/10\/image14.jpg\" alt=\"\" data-id=\"224\" data-full-url=\"http:\/\/www.martapessoa.blog.br\/wp-content\/uploads\/2020\/10\/image14.jpg\" data-link=\"http:\/\/www.martapessoa.blog.br\/image14\/\" class=\"wp-image-224\" srcset=\"https:\/\/martapessoa.blog.br\/wp-content\/uploads\/2020\/10\/image14.jpg 400w, https:\/\/martapessoa.blog.br\/wp-content\/uploads\/2020\/10\/image14-300x300.jpg 300w, https:\/\/martapessoa.blog.br\/wp-content\/uploads\/2020\/10\/image14-150x150.jpg 150w, https:\/\/martapessoa.blog.br\/wp-content\/uploads\/2020\/10\/image14-230x230.jpg 230w, https:\/\/martapessoa.blog.br\/wp-content\/uploads\/2020\/10\/image14-350x350.jpg 350w\" sizes=\"(max-width: 400px) 100vw, 400px\" \/><\/a><\/figure><\/li><\/ul><\/figure>\n\n\n\n<ul><li><em>Foi uma boa surpresa de conhecer os curiosos conceitos de <\/em><em><strong>Hygge<\/strong><\/em><em> e <\/em><em><strong>Jante\u2019s Law<\/strong><\/em><em> cultivados por eles.<\/em><\/li><li><em>Hygge \u00e9 uma coisa dinamarquesa que n\u00e3o se pode explicar apenas com um sin\u00f4nimo. \u00c9 um estado de esp\u00edrito advindo de uma sensa\u00e7\u00e3o de estar aconchegado em sua casa, cercado da fam\u00edlia e amigos, preparando comida boa, lendo um bom livro, tomando um bom vinho ou ch\u00e1. Ter a sensa\u00e7\u00e3o gostosa de que estas coisas simples s\u00e3o as mais valiosas da vida. Todos com quem conversei falaram do hygge como um patrim\u00f4nio imaterial dinamarqu\u00eas. Faz sentido.<\/em><\/li><\/ul>\n\n\n\n<figure class=\"wp-block-gallery columns-2 is-cropped\"><ul class=\"blocks-gallery-grid\"><li class=\"blocks-gallery-item\"><figure><a href=\"http:\/\/www.martapessoa.blog.br\/wp-content\/uploads\/2020\/10\/image15.jpg\"><img loading=\"lazy\" width=\"319\" height=\"400\" src=\"http:\/\/www.martapessoa.blog.br\/wp-content\/uploads\/2020\/10\/image15.jpg\" alt=\"\" data-id=\"227\" data-full-url=\"http:\/\/www.martapessoa.blog.br\/wp-content\/uploads\/2020\/10\/image15.jpg\" data-link=\"http:\/\/www.martapessoa.blog.br\/image15\/\" class=\"wp-image-227\" srcset=\"https:\/\/martapessoa.blog.br\/wp-content\/uploads\/2020\/10\/image15.jpg 319w, https:\/\/martapessoa.blog.br\/wp-content\/uploads\/2020\/10\/image15-239x300.jpg 239w, https:\/\/martapessoa.blog.br\/wp-content\/uploads\/2020\/10\/image15-230x288.jpg 230w\" sizes=\"(max-width: 319px) 100vw, 319px\" \/><\/a><\/figure><\/li><li class=\"blocks-gallery-item\"><figure><a href=\"http:\/\/www.martapessoa.blog.br\/wp-content\/uploads\/2020\/10\/image16.jpg\"><img loading=\"lazy\" width=\"400\" height=\"400\" src=\"http:\/\/www.martapessoa.blog.br\/wp-content\/uploads\/2020\/10\/image16.jpg\" alt=\"\" data-id=\"230\" data-full-url=\"http:\/\/www.martapessoa.blog.br\/wp-content\/uploads\/2020\/10\/image16.jpg\" data-link=\"http:\/\/www.martapessoa.blog.br\/image16\/\" class=\"wp-image-230\" srcset=\"https:\/\/martapessoa.blog.br\/wp-content\/uploads\/2020\/10\/image16.jpg 400w, https:\/\/martapessoa.blog.br\/wp-content\/uploads\/2020\/10\/image16-300x300.jpg 300w, https:\/\/martapessoa.blog.br\/wp-content\/uploads\/2020\/10\/image16-150x150.jpg 150w, https:\/\/martapessoa.blog.br\/wp-content\/uploads\/2020\/10\/image16-230x230.jpg 230w, https:\/\/martapessoa.blog.br\/wp-content\/uploads\/2020\/10\/image16-350x350.jpg 350w\" sizes=\"(max-width: 400px) 100vw, 400px\" \/><\/a><\/figure><\/li><\/ul><\/figure>\n\n\n\n<ul><li><em>Jante\u2019s law ( lei de Jante ) \u00e9 um padr\u00e3o de comportamento adotado pelos escandinavos que desestimula valorizar ou ostentar realiza\u00e7\u00f5es pessoais e p\u00f5e \u00eanfase no esfor\u00e7o coletivo. Foi concebido pelo escritor Aksel Sandemose e \u00e9 descrito atrav\u00e9s de dez regras que, basicamente, postulam que n\u00e3o se deve acreditar que se \u00e9 melhor, mais inteligente, mais importante, mais sabido do que os outros; nem se pode achar que se \u00e9 t\u00e3o importante a ponto de todos os demais estarem sempre se importando ou se comparando conosco; e se deve acreditar que uma pessoa n\u00e3o \u00e9 t\u00e3o especial quanto pensa que \u00e9. Isto posto e introjetado, pode-se entender melhor um pa\u00eds onde a uniformidade \u00e9 um valor e pode ser uma explica\u00e7\u00e3o, parcial, do porqu\u00ea as pol\u00edticas ditas sociais-democratas s\u00e3o mais facilmente aceitas na Escandin\u00e1via. Qualquer demonstra\u00e7\u00e3o de autoadmira\u00e7\u00e3o e reconhecimento, brandida para os demais como um trof\u00e9u, pode ser vista como arrog\u00e2ncia e a sociedade tende a rejeitar pessoas que se sentem especiais e merecedoras do melhor, em detrimento de um padr\u00e3o social m\u00e9dio tido como justo por todos para a coletividade. Um jeito de pensar bem diferente do que prevalece entre n\u00f3s que perseguimos o sucesso, somos incentivados a nos sobressair, aparecer, ganhar e usas medalhas. Criamos nossos filhos chamando-os de pr\u00edncipe ou princesa, diariamente os lembramos de como s\u00e3o lindos, simp\u00e1ticos e inteligentes e como s\u00e3o alvos do amor mais especial do mundo: o nosso. Eles s\u00e3o especiais e merecedores de sucesso, a vida lhes ser\u00e1 leve por isto e nunca dever\u00e3o aceitar menos do que lhes \u00e9 devido. Estamos na dire\u00e7\u00e3o oposta dos que educam seus filhos l\u00e1 no mundo n\u00f3rdico. Os mais estudiosos do comportamento humano poder\u00e3o elencar os preju\u00edzos desta \u201clei\u201d. Como observadora despreparada, pensei que para n\u00f3s pobres mortais desprovidos de excedente de talentos e gra\u00e7a \u00e9 reconfortante viver numa sociedade onde ser comum \u00e9 aceito, onde a obriga\u00e7\u00e3o de se sobressair n\u00e3o deve existir. Eu me senti descansada, aliviada e em paz.<\/em><\/li><\/ul>\n\n\n\n<figure class=\"wp-block-gallery columns-2 is-cropped\"><ul class=\"blocks-gallery-grid\"><li class=\"blocks-gallery-item\"><figure><a href=\"http:\/\/www.martapessoa.blog.br\/wp-content\/uploads\/2020\/10\/image17.jpg\"><img loading=\"lazy\" width=\"400\" height=\"400\" src=\"http:\/\/www.martapessoa.blog.br\/wp-content\/uploads\/2020\/10\/image17.jpg\" alt=\"\" data-id=\"225\" data-full-url=\"http:\/\/www.martapessoa.blog.br\/wp-content\/uploads\/2020\/10\/image17.jpg\" data-link=\"http:\/\/www.martapessoa.blog.br\/image17\/\" class=\"wp-image-225\" srcset=\"https:\/\/martapessoa.blog.br\/wp-content\/uploads\/2020\/10\/image17.jpg 400w, https:\/\/martapessoa.blog.br\/wp-content\/uploads\/2020\/10\/image17-300x300.jpg 300w, https:\/\/martapessoa.blog.br\/wp-content\/uploads\/2020\/10\/image17-150x150.jpg 150w, https:\/\/martapessoa.blog.br\/wp-content\/uploads\/2020\/10\/image17-230x230.jpg 230w, https:\/\/martapessoa.blog.br\/wp-content\/uploads\/2020\/10\/image17-350x350.jpg 350w\" sizes=\"(max-width: 400px) 100vw, 400px\" \/><\/a><\/figure><\/li><li class=\"blocks-gallery-item\"><figure><a href=\"http:\/\/www.martapessoa.blog.br\/wp-content\/uploads\/2020\/10\/image18.jpg\"><img loading=\"lazy\" width=\"300\" height=\"400\" src=\"http:\/\/www.martapessoa.blog.br\/wp-content\/uploads\/2020\/10\/image18.jpg\" alt=\"\" data-id=\"223\" data-full-url=\"http:\/\/www.martapessoa.blog.br\/wp-content\/uploads\/2020\/10\/image18.jpg\" data-link=\"http:\/\/www.martapessoa.blog.br\/image18\/\" class=\"wp-image-223\" srcset=\"https:\/\/martapessoa.blog.br\/wp-content\/uploads\/2020\/10\/image18.jpg 300w, https:\/\/martapessoa.blog.br\/wp-content\/uploads\/2020\/10\/image18-225x300.jpg 225w, https:\/\/martapessoa.blog.br\/wp-content\/uploads\/2020\/10\/image18-230x307.jpg 230w\" sizes=\"(max-width: 300px) 100vw, 300px\" \/><\/a><\/figure><\/li><\/ul><\/figure>\n\n\n\n<ul><li><em>Eles n\u00e3o definem crit\u00e9rios de satisfa\u00e7\u00e3o profissionais mesclados com alt\u00edssimo retorno financeiro. Tamb\u00e9m n\u00e3o parecem pensar que o trabalho vai preencher car\u00eancias emocionais. Conseguem um equil\u00edbrio perfeito entre o trabalho e a vida pessoal. Eles tem uma palavra que define a atitude do dinamarqu\u00eas com o trabalho: arbejdgl\u00e6de. Arbejde=trabalho. Gl\u00e6de=alegria. Palavra que s\u00f3 existe nas l\u00ednguas n\u00f3rdicas e que parece explicar tudo. Permanecer no trabalho depois da hora definida para ir embora \u00e9 tido como um ind\u00edcio de inefici\u00eancia ou, pior, de ser relapso com sua fam\u00edlia. O tempo destinado ao trabalho n\u00e3o pode roubar horas do tempo destinado \u00e0 vida pessoal. Esta \u00e9 a hora em que celetistas brasileiros moradores de nossas grandes cidades pensam em sair quebrando seus escrit\u00f3rios e queimando m\u00f3veis nas ruas em protesto \u00e0s horas gastas em reuni\u00f5es infind\u00e1veis, com retrabalho em consequ\u00eancia de projetos mal concebidos e contra o absurdo das leis trabalhistas que nos regem. Ah, uma curiosidade lingu\u00edstica. O japon\u00eas tamb\u00e9m tem sua palavra para definir a atitude com rela\u00e7\u00e3o ao trabalho: karoshi, que significa \u201cmorrer por excesso de trabalho\u201d. Se \u00e9 isto mesmo, n\u00e3o sei, mas assim me contou um dinamarqu\u00eas que me disse ter trocado 4 mil coroas ( mais ou menos 2 mil reais) do seu sal\u00e1rio por mais horas livres para poder pescar e aprender a desenvolver serious games (jogos projetados para uso em planejamento, engenharia, pol\u00edticas, educa\u00e7\u00e3o, cuidado com a sa\u00fade, etc. ). Nesta hora os baianos dizem: \u201cGrande novidade. Sempre quisemos fazer isto e sempre nos acusaram de pregui\u00e7osos. Mas dinamarqu\u00eas fazendo significa saber valorar o que realmente importa\u201d.<\/em><\/li><li><em>Os dinamarqueses acreditam que ser dono de muita coisa gera mais trabalho do que satisfa\u00e7\u00e3o. Carro grande: mais impostos; casa grande demais: mais tempo limpando e mais dinheiro gasto para manter. As casas que visitei passavam a sensa\u00e7\u00e3o de terem sido montadas com parcim\u00f4nia, nada devia faltar ou sobrar.<\/em><\/li><\/ul>\n\n\n\n<figure class=\"wp-block-gallery columns-2 is-cropped\"><ul class=\"blocks-gallery-grid\"><li class=\"blocks-gallery-item\"><figure><a href=\"http:\/\/www.martapessoa.blog.br\/wp-content\/uploads\/2020\/10\/image19.jpg\"><img loading=\"lazy\" width=\"400\" height=\"320\" src=\"http:\/\/www.martapessoa.blog.br\/wp-content\/uploads\/2020\/10\/image19.jpg\" alt=\"\" data-id=\"231\" data-full-url=\"http:\/\/www.martapessoa.blog.br\/wp-content\/uploads\/2020\/10\/image19.jpg\" data-link=\"http:\/\/www.martapessoa.blog.br\/image19\/\" class=\"wp-image-231\" srcset=\"https:\/\/martapessoa.blog.br\/wp-content\/uploads\/2020\/10\/image19.jpg 400w, https:\/\/martapessoa.blog.br\/wp-content\/uploads\/2020\/10\/image19-300x240.jpg 300w, https:\/\/martapessoa.blog.br\/wp-content\/uploads\/2020\/10\/image19-230x184.jpg 230w, https:\/\/martapessoa.blog.br\/wp-content\/uploads\/2020\/10\/image19-350x280.jpg 350w\" sizes=\"(max-width: 400px) 100vw, 400px\" \/><\/a><\/figure><\/li><li class=\"blocks-gallery-item\"><figure><a href=\"http:\/\/www.martapessoa.blog.br\/wp-content\/uploads\/2020\/10\/image20.jpg\"><img loading=\"lazy\" width=\"363\" height=\"400\" src=\"http:\/\/www.martapessoa.blog.br\/wp-content\/uploads\/2020\/10\/image20.jpg\" alt=\"\" data-id=\"221\" data-full-url=\"http:\/\/www.martapessoa.blog.br\/wp-content\/uploads\/2020\/10\/image20.jpg\" data-link=\"http:\/\/www.martapessoa.blog.br\/image20\/\" class=\"wp-image-221\" srcset=\"https:\/\/martapessoa.blog.br\/wp-content\/uploads\/2020\/10\/image20.jpg 363w, https:\/\/martapessoa.blog.br\/wp-content\/uploads\/2020\/10\/image20-272x300.jpg 272w, https:\/\/martapessoa.blog.br\/wp-content\/uploads\/2020\/10\/image20-230x253.jpg 230w, https:\/\/martapessoa.blog.br\/wp-content\/uploads\/2020\/10\/image20-350x386.jpg 350w\" sizes=\"(max-width: 363px) 100vw, 363px\" \/><\/a><\/figure><\/li><\/ul><\/figure>\n\n\n\n<ul><li><em>As mulheres parecem encarar a beleza de forma saud\u00e1vel, com plena consci\u00eancia de que uma coisa \u00e9 a vida real, com sua ilumina\u00e7\u00e3o imperfeita e outra coisa os holofotes, maquiadores, cabeleireiros, marqueteiros e photoshop que produzem as angelinasjolies, jenniferlawrences, beyonces e divas similares. D\u00e1 um certo conforto conviver com mulheres que n\u00e3o sensualizam 24 horas por dia. E, ao final, s\u00e3o bonitas, na hora e medida certa. Ali\u00e1s, s\u00e3o muito, muito bonitas. \u00c9 permitido ter rugas, celulite, cabelo original. Parece n\u00e3o fazer parte dos planos de muitas comprometer tempo e sal\u00e1rio com cosm\u00e9ticos e cirurgias rejuvenescedoras. Quanto tempo mais elas resistir\u00e3o \u00e0 promessa da beleza absoluta e da juventude eterna, n\u00e3o arrisco prever.<\/em><\/li><\/ul>\n\n\n\n<figure class=\"wp-block-gallery columns-2 is-cropped\"><ul class=\"blocks-gallery-grid\"><li class=\"blocks-gallery-item\"><figure><a href=\"http:\/\/www.martapessoa.blog.br\/wp-content\/uploads\/2020\/10\/image21.jpg\"><img loading=\"lazy\" width=\"319\" height=\"400\" src=\"http:\/\/www.martapessoa.blog.br\/wp-content\/uploads\/2020\/10\/image21.jpg\" alt=\"\" data-id=\"216\" data-full-url=\"http:\/\/www.martapessoa.blog.br\/wp-content\/uploads\/2020\/10\/image21.jpg\" data-link=\"http:\/\/www.martapessoa.blog.br\/image21\/\" class=\"wp-image-216\" srcset=\"https:\/\/martapessoa.blog.br\/wp-content\/uploads\/2020\/10\/image21.jpg 319w, https:\/\/martapessoa.blog.br\/wp-content\/uploads\/2020\/10\/image21-239x300.jpg 239w, https:\/\/martapessoa.blog.br\/wp-content\/uploads\/2020\/10\/image21-230x288.jpg 230w\" sizes=\"(max-width: 319px) 100vw, 319px\" \/><\/a><\/figure><\/li><li class=\"blocks-gallery-item\"><figure><a href=\"http:\/\/www.martapessoa.blog.br\/wp-content\/uploads\/2020\/10\/image22.jpg\"><img loading=\"lazy\" width=\"400\" height=\"400\" src=\"http:\/\/www.martapessoa.blog.br\/wp-content\/uploads\/2020\/10\/image22.jpg\" alt=\"\" data-id=\"219\" data-full-url=\"http:\/\/www.martapessoa.blog.br\/wp-content\/uploads\/2020\/10\/image22.jpg\" data-link=\"http:\/\/www.martapessoa.blog.br\/image22\/\" class=\"wp-image-219\" srcset=\"https:\/\/martapessoa.blog.br\/wp-content\/uploads\/2020\/10\/image22.jpg 400w, https:\/\/martapessoa.blog.br\/wp-content\/uploads\/2020\/10\/image22-300x300.jpg 300w, https:\/\/martapessoa.blog.br\/wp-content\/uploads\/2020\/10\/image22-150x150.jpg 150w, https:\/\/martapessoa.blog.br\/wp-content\/uploads\/2020\/10\/image22-230x230.jpg 230w, https:\/\/martapessoa.blog.br\/wp-content\/uploads\/2020\/10\/image22-350x350.jpg 350w\" sizes=\"(max-width: 400px) 100vw, 400px\" \/><\/a><\/figure><\/li><\/ul><\/figure>\n\n\n\n<ul><li><em>As casas n\u00e3o reservam muitos metros quadrados para armazenamento de roupas, sapatos, bolsas, utens\u00edlios de cozinha de uso mais ou menos eventual. Se soubessem o quanto minha vida de classe m\u00e9dia acumula de bugigangas, estava garantido causar espanto nas donas dos arm\u00e1rios compactos que conheci por l\u00e1. Mas lembro de ter vivido um tempo, na minha inf\u00e2ncia nordestina, onde a abund\u00e2ncia de coisas n\u00e3o era bem-vista. Dispensado o coment\u00e1rio de que \u201cabund\u00e2ncia e nordestina\u201d n\u00e3o cabem numa mesma frase.<\/em><\/li><li><em>As casas s\u00e3o organizadas, limpas e minimalistas. E ningu\u00e9m acusa de ningu\u00e9m de ser careta, ou ter transtorno obsessivo-compulsivo, por prezar este tipo de estilo de vida. Cuidar da casa um pouco todo dia, fazer sua pr\u00f3pria comida, usar com cuidado seus pertences \u00e9 t\u00e3o natural para o dinamarqu\u00eas quanto escovar os dentes diariamente.<\/em><\/li><li><em>Acreditam que se cercar de tudo que apure seu senso est\u00e9tico, como boa m\u00fasica, livros, pintura, vai contribuir para aumentar sua a sensa\u00e7\u00e3o de bem estar. Todos querem ter em sua casa uma pe\u00e7a ou r\u00e9plica de um designer nacional.<\/em><\/li><li><em>A conta banc\u00e1ria n\u00e3o precisa ter a mesma montanha de dinheiro da do Warren Buffet, nem mesmo a de um pol\u00edtico brasileiro. A grande maioria n\u00e3o almeja iates, carr\u00f5es, casas hollywoodianas.<\/em><\/li><li><em>O sucesso n\u00e3o precisa ser de conhecimento mundial.<\/em><\/li><li><em>\u00c9 incontest\u00e1vel o apre\u00e7o deles pelas liberdades individuais: legaliza\u00e7\u00e3o do casamento gay e mudan\u00e7a de g\u00eanero, s\u00e3o temas aceitos sem maiores traumas sociais. Voc\u00ea pode escolher n\u00e3o ter filhos e n\u00e3o ser considerado como fora dos padr\u00f5es de conformidade social. E, no entanto, eles gostam de adotar uma esp\u00e9cie de conformidade em outras \u00e1reas da vida. Gostam de se sentir uniformes, tendem a usar os mesmos modelos de roupas, cortes de cabelos. E de se sentir de acordo com sua faixa et\u00e1ria. N\u00e3o lembro da cena corriqueira, aqui no Rio, de se estar numa fila atr\u00e1s de uma jovem de 18 anos que se vira para nos surpreender com seu rosto \u201cpreenchido\u201d desde que fez 50 anos de idade, h\u00e1 10 atr\u00e1s.<\/em><\/li><li><em>Diferen\u00e7as sociais n\u00e3o s\u00e3o levadas a s\u00e9rio. Adoram frequentar clubes e pertencer a associa\u00e7\u00f5es. \u00c9 comum que professores, marceneiros, contadores, caixas de supermercado e executivos dividam uma quadra de t\u00eanis, jogando juntos. A educa\u00e7\u00e3o dada a todos n\u00e3o cria um abismo cultural que impossibilite conversas ou conviv\u00eancia social por falta de informa\u00e7\u00f5es ou boas maneiras.<\/em><\/li><li><em>Hierarquia n\u00e3o tem import\u00e2ncia. \u201cSomos iguais\u201d \u00e9 um sentimento predominante. Ningu\u00e9m chama ningu\u00e9m de senhor ou doutor.<\/em><\/li><li><em>A confian\u00e7a \u00e9 o valor basilar da sociedade. Eles confiam n\u00e3o s\u00f3 na fam\u00edlia e amigos mas tamb\u00e9m nos estranhos na rua. Esta foi minha primeira surpresa. E isto parece fazer uma diferen\u00e7a enorme em suas vidas e n\u00edveis de felicidade. Eu tamb\u00e9m me senti feliz l\u00e1, sendo confiada. A sensa\u00e7\u00e3o de ser considerada sincera e honesta, at\u00e9 prova em contr\u00e1rio, nos relacionamentos superficiais com lojas, reparti\u00e7\u00f5es p\u00fablicas, etc. h\u00e1 tempos se desgastou nas nossas experi\u00eancias cotidianas, aqui no Brasil. L\u00e1, as pesquisas indicam que 70% acham que se pode confiar em todos. E s\u00f3 30% aconselham a atentar para os estranhos, antes de desconfiar deles. \u00c9 comum ver pais dentro dos restaurantes e os carrinhos com seus beb\u00eas parados do lado de fora com todos confiantes de que n\u00e3o h\u00e1 risco de serem v\u00edtimas de alguma maldade. As casas de praia costumam ficar destrancadas. Eles confiam nas pessoas, no governo e no sistema. T\u00eam or\u00e7amento min\u00fasculo para defesa nacional pois acham que por causa das boas rela\u00e7\u00f5es diplom\u00e1ticas n\u00e3o ser\u00e3o atacados, n\u00e3o vislumbram possibilidade de guerra. A vida pode ser muito f\u00e1cil quando h\u00e1 confian\u00e7a.<\/em><\/li><li><em>Penso que a consolida\u00e7\u00e3o desta confian\u00e7a tem muito a ver com o fato de que n\u00e3o anseiam se destacar por excesso de riqueza, com a satisfa\u00e7\u00e3o com tudo o que o sistema de bem-estar social lhes assegura, com a certeza de que o sistema vai dar conta das necessidades b\u00e1sicas do seu povo.<\/em><\/li><li><em>Ao mesmo tempo, n\u00e3o acham que se deve depender s\u00f3 do governo. Eles querem ser conhecidos como uma sociedade tolerante, igualit\u00e1ria, solid\u00e1ria e feliz segundo padr\u00f5es e valores. Os asilos e centros de conviv\u00eancia para idosos que visitei contam com o trabalho volunt\u00e1rio dos seus usu\u00e1rios. Muitas melhorias s\u00e3o feitas com dinheiro extra provido pela comunidade que n\u00e3o rejeita a ideia de contribuir mesmo tendo passado uma vida inteira de pagamentos de altos impostos. Sim, eles pagam mais impostos do que n\u00f3s. E, sim, recebem de volta cada centavo pago via servi\u00e7os de qualidade, conforme o acordado l\u00e1 atr\u00e1s.<\/em><\/li><li><em>Foi o primeiro pa\u00eds a abolir a escravid\u00e3o ( tirando do placar os eg\u00edpcios, romanos e gregos, com suas idas e vindas neste tema), em 1792. T\u00eam igual apre\u00e7o pela igualdade de g\u00eanero: as mulheres participam da vida parlamentar desde 1918. Forte indicador de um conceito de felicidade n\u00e3o centrado apenas no indiv\u00edduo e uma certeza de que o bem-estar de todos impacta positivamente na felicidade de cada um.<\/em><\/li><li><em>Achei bastante equilibrada a rela\u00e7\u00e3o dos dinamarqueses com seus animais dom\u00e9sticos. Li que sua origem viking, de b\u00e1rbaros, os impedem de humanizar os bichos. E a tradi\u00e7\u00e3o de s\u00e9culos como uma sociedade de agricultores os fazem pensar em bichos como bichos. Segundo nossa concep\u00e7\u00e3o do lado de c\u00e1 do hemisf\u00e9rio eles tem muito a evoluir e muito mercado a explorar. Deve haver, mas n\u00e3o lembro de ter visto nenhuma pet shop, em H\u00f8rsholm.<\/em><\/li><li><em>O governo cobra altos impostos e em troca devolve gr\u00e1tis, sem cobran\u00e7a adicional, educa\u00e7\u00e3o (incluindo ensino superior), sa\u00fade, subs\u00eddio para quem tem filhos, seguro-desemprego (involunt\u00e1rio ou volunt\u00e1rio) de 80% do valor dos seus sal\u00e1rios por 2 anos e pens\u00e3o para aposentados. Homens e mulheres podem se aposentar aos 65 anos. At\u00e9 2022 a idade m\u00ednima sobe para 67 anos e de 2030 em diante, aumentar\u00e1 um ano a cada 5, dependendo do aumento da expectativa de vida no pa\u00eds. Justos mas realistas, fazem as contas e sabem que direitos se garantem com uma base financeira. Tudo isto vale para os imigrantes, tamb\u00e9m. N\u00e3o pude deixar de me confessar pasma. Os cidad\u00e3os pagam seus impostos compreendendo ser necess\u00e1rio para a coletividade e se sentem tranquilos de que os mesmos ser\u00e3o bem utilizados. H\u00e1, para uma brasileira como eu, um incompreens\u00edvel sentimento de confian\u00e7a no governo.<\/em><\/li><li><em>Educa\u00e7\u00e3o \u00e9 um direito e um dever para o dinamarqu\u00eas. Ningu\u00e9m deve ser deixado sem ela e ningu\u00e9m pode decidir n\u00e3o quer\u00ea-la. Antes dos jovens entrarem na universidade &#8211; para aqueles que o desejam fazer, nem todos querem -, s\u00e3o incentivados a viajar pelo mundo, conhecer outras culturas, entender outros problemas de outros povos com o objetivo de ganhar maturidade antes de escolher a carreira universit\u00e1ria que querem seguir.<\/em><\/li><li><em>A sa\u00fade p\u00fablica n\u00e3o tem maiores sofistica\u00e7\u00f5es mas realiza um grande esfor\u00e7o na educa\u00e7\u00e3o da popula\u00e7\u00e3o para a preven\u00e7\u00e3o. As pessoas visitam pouco os m\u00e9dicos e se consideram atendidas nas suas necessidades de assist\u00eancia.<\/em><\/li><li><em>E eu que pensava que dieta mediterr\u00e2nea era o \u00fanico sin\u00f4nimo poss\u00edvel para alimenta\u00e7\u00e3o saud\u00e1vel. A mania por org\u00e2nicos beira a obsess\u00e3o.<\/em><\/li><li><em>Transporte p\u00fablico: bom, pontual, farto e caro. Muito caro.<\/em><\/li><li><em>Consumo: muita coisa que d\u00e1 vontade de comprar. Uma forte tend\u00eancia para o consumo consciente. Movimentos incentivando n\u00e3o se comprar o que n\u00e3o se for usar. E muito adotado o h\u00e1bito de se comprar em lojas de segunda m\u00e3o.<\/em><\/li><li><em>O custo de vida l\u00e1 \u00e9 caro. Para quem ganha em real e tamb\u00e9m para quem ganha em coroa dinamarquesa.<\/em><\/li><li><em>Eu me deliciei com a descoberta de tudo o que h\u00e1 por tr\u00e1s da Lego, a maior empresa produtora de brinquedos majoritariamente convencionais, n\u00e3o eletr\u00f4nicos, mundialmente conhecida, atualmente avaliada em mais de 14 bilh\u00f5es de d\u00f3lares e com a espetacular estat\u00edstica de vender um brinquedo a cada segundo, para quase todos os pa\u00edses do mundo. A surpresa de saber que foi criada, em 1930, por um marceneiro dinamarqu\u00eas, numa cidadezinha encravada em Jutland, uma regi\u00e3o que considerei uma esp\u00e9cie de sert\u00e3o dinamarqu\u00eas. E a constata\u00e7\u00e3o de que os valores da empresa se misturam com os da sociedade. Algum outro pa\u00eds poderia ter criado este jogo que continua tendo apelo depois de 86 anos de vida? O Lego \u00e9 ele mesmo um anci\u00e3o e pode nos ensinar muitas coisas. Em tempo, Lego vem de \u201cleg godt\u201d que significa \u201cjogar bem\u201d.<\/em><\/li><\/ul>\n\n\n\n<ul><li><em>Os melhores amigos do homem s\u00e3o a bicicleta e o andador \u2013 rollator, como o chamam. Mal aprendem a andar e j\u00e1 ganham uma bicicleta, sem rodinhas de apoio e sem pedais, para acompanhar, como puderem, os maiores em seus passeios. A fam\u00edlia cresce, a bicicleta tamb\u00e9m, ganhando uma esp\u00e9cie de reboque onde v\u00e3o os beb\u00eas. E elas seguem, como uma extens\u00e3o do corpo, at\u00e9 idade avan\u00e7ada. S\u00f3 largam a bicicleta para troc\u00e1-la pelo rollator que fazem o papel da imprescind\u00edvel bicicleta, levando-os para todo lado, ajudando a carregar as compras e a manter a mobilidade de sempre. Resolvem, como muita sabedoria, a quest\u00e3o da locomo\u00e7\u00e3o.<\/em><\/li><\/ul>\n\n\n\n<figure class=\"wp-block-gallery columns-2 is-cropped\"><ul class=\"blocks-gallery-grid\"><li class=\"blocks-gallery-item\"><figure><a href=\"http:\/\/www.martapessoa.blog.br\/wp-content\/uploads\/2020\/10\/image23.jpg\"><img loading=\"lazy\" width=\"400\" height=\"400\" src=\"http:\/\/www.martapessoa.blog.br\/wp-content\/uploads\/2020\/10\/image23.jpg\" alt=\"\" data-id=\"215\" data-full-url=\"http:\/\/www.martapessoa.blog.br\/wp-content\/uploads\/2020\/10\/image23.jpg\" data-link=\"http:\/\/www.martapessoa.blog.br\/image23\/\" class=\"wp-image-215\" srcset=\"https:\/\/martapessoa.blog.br\/wp-content\/uploads\/2020\/10\/image23.jpg 400w, https:\/\/martapessoa.blog.br\/wp-content\/uploads\/2020\/10\/image23-300x300.jpg 300w, https:\/\/martapessoa.blog.br\/wp-content\/uploads\/2020\/10\/image23-150x150.jpg 150w, https:\/\/martapessoa.blog.br\/wp-content\/uploads\/2020\/10\/image23-230x230.jpg 230w, https:\/\/martapessoa.blog.br\/wp-content\/uploads\/2020\/10\/image23-350x350.jpg 350w\" sizes=\"(max-width: 400px) 100vw, 400px\" \/><\/a><\/figure><\/li><li class=\"blocks-gallery-item\"><figure><a href=\"http:\/\/www.martapessoa.blog.br\/wp-content\/uploads\/2020\/10\/image24.jpg\"><img loading=\"lazy\" width=\"400\" height=\"400\" src=\"http:\/\/www.martapessoa.blog.br\/wp-content\/uploads\/2020\/10\/image24.jpg\" alt=\"\" data-id=\"213\" data-full-url=\"http:\/\/www.martapessoa.blog.br\/wp-content\/uploads\/2020\/10\/image24.jpg\" data-link=\"http:\/\/www.martapessoa.blog.br\/image24\/\" class=\"wp-image-213\" srcset=\"https:\/\/martapessoa.blog.br\/wp-content\/uploads\/2020\/10\/image24.jpg 400w, https:\/\/martapessoa.blog.br\/wp-content\/uploads\/2020\/10\/image24-300x300.jpg 300w, https:\/\/martapessoa.blog.br\/wp-content\/uploads\/2020\/10\/image24-150x150.jpg 150w, https:\/\/martapessoa.blog.br\/wp-content\/uploads\/2020\/10\/image24-230x230.jpg 230w, https:\/\/martapessoa.blog.br\/wp-content\/uploads\/2020\/10\/image24-350x350.jpg 350w\" sizes=\"(max-width: 400px) 100vw, 400px\" \/><\/a><\/figure><\/li><li class=\"blocks-gallery-item\"><figure><a href=\"http:\/\/www.martapessoa.blog.br\/wp-content\/uploads\/2020\/10\/image25.jpg\"><img loading=\"lazy\" width=\"400\" height=\"300\" src=\"http:\/\/www.martapessoa.blog.br\/wp-content\/uploads\/2020\/10\/image25.jpg\" alt=\"\" data-id=\"218\" data-full-url=\"http:\/\/www.martapessoa.blog.br\/wp-content\/uploads\/2020\/10\/image25.jpg\" data-link=\"http:\/\/www.martapessoa.blog.br\/image25\/\" class=\"wp-image-218\" srcset=\"https:\/\/martapessoa.blog.br\/wp-content\/uploads\/2020\/10\/image25.jpg 400w, https:\/\/martapessoa.blog.br\/wp-content\/uploads\/2020\/10\/image25-300x225.jpg 300w, https:\/\/martapessoa.blog.br\/wp-content\/uploads\/2020\/10\/image25-230x173.jpg 230w, https:\/\/martapessoa.blog.br\/wp-content\/uploads\/2020\/10\/image25-350x263.jpg 350w\" sizes=\"(max-width: 400px) 100vw, 400px\" \/><\/a><\/figure><\/li><li class=\"blocks-gallery-item\"><figure><a href=\"http:\/\/www.martapessoa.blog.br\/wp-content\/uploads\/2020\/10\/image26.jpg\"><img loading=\"lazy\" width=\"399\" height=\"400\" src=\"http:\/\/www.martapessoa.blog.br\/wp-content\/uploads\/2020\/10\/image26.jpg\" alt=\"\" data-id=\"220\" data-full-url=\"http:\/\/www.martapessoa.blog.br\/wp-content\/uploads\/2020\/10\/image26.jpg\" data-link=\"http:\/\/www.martapessoa.blog.br\/image26\/\" class=\"wp-image-220\" srcset=\"https:\/\/martapessoa.blog.br\/wp-content\/uploads\/2020\/10\/image26.jpg 399w, https:\/\/martapessoa.blog.br\/wp-content\/uploads\/2020\/10\/image26-300x300.jpg 300w, https:\/\/martapessoa.blog.br\/wp-content\/uploads\/2020\/10\/image26-150x150.jpg 150w, https:\/\/martapessoa.blog.br\/wp-content\/uploads\/2020\/10\/image26-230x231.jpg 230w, https:\/\/martapessoa.blog.br\/wp-content\/uploads\/2020\/10\/image26-350x351.jpg 350w\" sizes=\"(max-width: 399px) 100vw, 399px\" \/><\/a><\/figure><\/li><\/ul><\/figure>\n\n\n\n<ul><li><em>N\u00e3o vivi a experi\u00eancia do inverno. Eu estava sempre perguntando \u00e0s pessoas como \u00e9 viver nesta esta\u00e7\u00e3o, quase me sentindo como um personagem de Games of Thrones, apavorada com a imin\u00eancia da neve e do frio que impossibilitar\u00e3o a vida, quanto mais viver se sentindo feliz. Ouvia sempre a resposta de que era uma esta\u00e7\u00e3o muito bonita. E eu preocupada se seria imposs\u00edvel sair de casa para ir ao supermercado, sempre ouvia que as cal\u00e7adas eram limpas diariamente e era suficiente um bom sapato e casaco para ir \u00e0s ruas sem medo de sofrer hipotermia. Todas as vezes em que levantei a hip\u00f3tese de as ruas n\u00e3o serem limpas tive de volta a recorrente express\u00e3o do \u201c como assim?!!! \u201c. Eles n\u00e3o sabem o que \u00e9 n\u00e3o poder contar com a certeza da coleta de lixo.<\/em><\/li><li><em>N\u00f3s que vivemos num pa\u00eds onde a religi\u00e3o tem um lugar especial na vida das pessoas n\u00e3o podemos deixar de refletir sobre a rela\u00e7\u00e3o simples que o dinamarqu\u00eas tem com a f\u00e9. S\u00e3o, na maioria, protestantes luteranos e costumam ir \u00e0s igrejas em 4 ocasi\u00f5es especiais: batismo, primeira comunh\u00e3o ( ou equivalente), casamento e funeral. N\u00e3o propalam a f\u00e9 nem a falta dela. A religi\u00e3o n\u00e3o parece movimentar a economia nem abrir espa\u00e7os pol\u00edticos. Uma coisa que me chamou muita aten\u00e7\u00e3o foi a naturalidade com que vi as pessoas usarem os gramados do cemit\u00e9rio de Kopenhagen ( Assistens Kirkeg\u00e5rd ) para lazer: piqueniques, sentar e ficar lendo, papos em grupos de amigos. Um uso impens\u00e1vel para n\u00f3s brasileiros.<\/em><\/li><\/ul>\n\n\n\n<figure class=\"wp-block-gallery columns-3 is-cropped\"><ul class=\"blocks-gallery-grid\"><li class=\"blocks-gallery-item\"><figure><a href=\"http:\/\/www.martapessoa.blog.br\/wp-content\/uploads\/2020\/10\/image27.jpg\"><img loading=\"lazy\" width=\"400\" height=\"400\" src=\"http:\/\/www.martapessoa.blog.br\/wp-content\/uploads\/2020\/10\/image27.jpg\" alt=\"\" data-id=\"214\" data-full-url=\"http:\/\/www.martapessoa.blog.br\/wp-content\/uploads\/2020\/10\/image27.jpg\" data-link=\"http:\/\/www.martapessoa.blog.br\/image27\/\" class=\"wp-image-214\" srcset=\"https:\/\/martapessoa.blog.br\/wp-content\/uploads\/2020\/10\/image27.jpg 400w, https:\/\/martapessoa.blog.br\/wp-content\/uploads\/2020\/10\/image27-300x300.jpg 300w, https:\/\/martapessoa.blog.br\/wp-content\/uploads\/2020\/10\/image27-150x150.jpg 150w, https:\/\/martapessoa.blog.br\/wp-content\/uploads\/2020\/10\/image27-230x230.jpg 230w, https:\/\/martapessoa.blog.br\/wp-content\/uploads\/2020\/10\/image27-350x350.jpg 350w\" sizes=\"(max-width: 400px) 100vw, 400px\" \/><\/a><\/figure><\/li><li class=\"blocks-gallery-item\"><figure><a href=\"http:\/\/www.martapessoa.blog.br\/wp-content\/uploads\/2020\/10\/image28.jpg\"><img loading=\"lazy\" width=\"400\" height=\"400\" src=\"http:\/\/www.martapessoa.blog.br\/wp-content\/uploads\/2020\/10\/image28.jpg\" alt=\"\" data-id=\"204\" data-full-url=\"http:\/\/www.martapessoa.blog.br\/wp-content\/uploads\/2020\/10\/image28.jpg\" data-link=\"http:\/\/www.martapessoa.blog.br\/image28\/\" class=\"wp-image-204\" srcset=\"https:\/\/martapessoa.blog.br\/wp-content\/uploads\/2020\/10\/image28.jpg 400w, https:\/\/martapessoa.blog.br\/wp-content\/uploads\/2020\/10\/image28-300x300.jpg 300w, https:\/\/martapessoa.blog.br\/wp-content\/uploads\/2020\/10\/image28-150x150.jpg 150w, https:\/\/martapessoa.blog.br\/wp-content\/uploads\/2020\/10\/image28-230x230.jpg 230w, https:\/\/martapessoa.blog.br\/wp-content\/uploads\/2020\/10\/image28-350x350.jpg 350w\" sizes=\"(max-width: 400px) 100vw, 400px\" \/><\/a><\/figure><\/li><li class=\"blocks-gallery-item\"><figure><a href=\"http:\/\/www.martapessoa.blog.br\/wp-content\/uploads\/2020\/10\/image29.jpg\"><img loading=\"lazy\" width=\"400\" height=\"400\" src=\"http:\/\/www.martapessoa.blog.br\/wp-content\/uploads\/2020\/10\/image29.jpg\" alt=\"\" data-id=\"205\" data-full-url=\"http:\/\/www.martapessoa.blog.br\/wp-content\/uploads\/2020\/10\/image29.jpg\" data-link=\"http:\/\/www.martapessoa.blog.br\/image29\/\" class=\"wp-image-205\" srcset=\"https:\/\/martapessoa.blog.br\/wp-content\/uploads\/2020\/10\/image29.jpg 400w, https:\/\/martapessoa.blog.br\/wp-content\/uploads\/2020\/10\/image29-300x300.jpg 300w, https:\/\/martapessoa.blog.br\/wp-content\/uploads\/2020\/10\/image29-150x150.jpg 150w, https:\/\/martapessoa.blog.br\/wp-content\/uploads\/2020\/10\/image29-230x230.jpg 230w, https:\/\/martapessoa.blog.br\/wp-content\/uploads\/2020\/10\/image29-350x350.jpg 350w\" sizes=\"(max-width: 400px) 100vw, 400px\" \/><\/a><\/figure><\/li><\/ul><\/figure>\n\n\n\n<p>\u00c9 claro que nem tudo s\u00e3o flores. H\u00e1 espinhos mas n\u00e3o me deixei ir em busca deles. Resolvi n\u00e3o entrar nesta seara mesmo porque desconfio que os que me espetam por aqui s\u00e3o em maior quantidade e mais pontudos do que os de l\u00e1. \u00c9 claro, tamb\u00e9m, que falamos de um pa\u00eds com menos de 6 milh\u00f5es de habitantes mas isto n\u00e3o deve ser argumento para se desqualificar a bela na\u00e7\u00e3o que constru\u00edram. H\u00e1 v\u00e1rios exemplos de pa\u00edses deste porte cujos governantes n\u00e3o arriscariam perguntar aos habitantes que nota dariam a seu governo. A Dinamarca me deu mostras de que viver l\u00e1 pode n\u00e3o ser passaporte para felicidade mas, com certeza, para uma vida tranquila num ambiente social prop\u00edcio ao bem-estar. N\u00e3o me parece pouca coisa. E acho que se vivesse l\u00e1 tamb\u00e9m teria a percep\u00e7\u00e3o de estar num pa\u00eds onde as bases para ser feliz est\u00e3o feitas.<\/p>\n\n\n\n<div class=\"wp-block-buttons\">\n<div class=\"wp-block-button\"><a class=\"wp-block-button__link\" href=\"http:\/\/www.martapessoa.blog.br\/index.php\/a-velhice-na-dinamarca\/\">Pr\u00f3ximo<\/a><\/div>\n\n\n\n<div class=\"wp-block-button\"><a class=\"wp-block-button__link\" href=\"http:\/\/www.martapessoa.blog.br\/index.php\/velhice-mundo-afora\/\">\u00cdndice<\/a><\/div>\n<\/div>\n","protected":false},"excerpt":{"rendered":"<p>Uma vez decidida a aventura desta viagem-pesquisa e definido que a Dinamarca seria o destino inicial, o acaso me levou a H\u00f8rsholm, uma cidade com cerca de 25 mil habitantes, 25km ao norte do centro de Copenhague e perto da costa do \u00d8resund, o estreito que separa o pa\u00eds da Su\u00e9cia. Depois de d\u00e9cadas vivendo [&hellip;]<\/p>\n","protected":false},"author":1,"featured_media":0,"parent":0,"menu_order":0,"comment_status":"closed","ping_status":"closed","template":"","meta":{"_coblocks_attr":"","_coblocks_dimensions":"","_coblocks_responsive_height":"","_coblocks_accordion_ie_support":"","spay_email":""},"_links":{"self":[{"href":"https:\/\/martapessoa.blog.br\/index.php\/wp-json\/wp\/v2\/pages\/161"}],"collection":[{"href":"https:\/\/martapessoa.blog.br\/index.php\/wp-json\/wp\/v2\/pages"}],"about":[{"href":"https:\/\/martapessoa.blog.br\/index.php\/wp-json\/wp\/v2\/types\/page"}],"author":[{"embeddable":true,"href":"https:\/\/martapessoa.blog.br\/index.php\/wp-json\/wp\/v2\/users\/1"}],"replies":[{"embeddable":true,"href":"https:\/\/martapessoa.blog.br\/index.php\/wp-json\/wp\/v2\/comments?post=161"}],"version-history":[{"count":8,"href":"https:\/\/martapessoa.blog.br\/index.php\/wp-json\/wp\/v2\/pages\/161\/revisions"}],"predecessor-version":[{"id":276,"href":"https:\/\/martapessoa.blog.br\/index.php\/wp-json\/wp\/v2\/pages\/161\/revisions\/276"}],"wp:attachment":[{"href":"https:\/\/martapessoa.blog.br\/index.php\/wp-json\/wp\/v2\/media?parent=161"}],"curies":[{"name":"wp","href":"https:\/\/api.w.org\/{rel}","templated":true}]}}